{"id":10836,"date":"2021-04-16T16:25:33","date_gmt":"2021-04-16T19:25:33","guid":{"rendered":"https:\/\/historia.dwsemanadedesign.com.br\/dwfestival2023\/?post_type=eventos&#038;p=10836"},"modified":"2021-07-01T16:09:13","modified_gmt":"2021-07-01T19:09:13","slug":"coloracao-pessoal-personal-color","status":"publish","type":"eventos","link":"https:\/\/historia.dwsemanadedesign.com.br\/dwfestival2023\/eventos\/coloracao-pessoal-personal-color\/","title":{"rendered":"MasterClass Personal Color"},"content":{"rendered":"<p>Nesta Masterclass ser\u00e1 apresentado o m\u00e9todo de consultoria de imagem <strong><em>COLOR CLOCK\u2122<\/em><\/strong> criado por <strong>Leatrice Eiseman<\/strong> para identificar a colora\u00e7\u00e3o pessoal com versatilidade e praticidade.<\/p>\n<p>O m\u00e9todo de colora\u00e7\u00e3o pessoal COLOR CLOCK\u2122 ser\u00e1 decifrado para voc\u00ea identificar o seu <em>Colortime<\/em> com versatilidade e praticidade. Voc\u00ea vai entender como a pr\u00f3pria luz natural pode definir suas prefer\u00eancias e a sua colora\u00e7\u00e3o pessoal.<\/p>\n<p>Atividade direcionada para profissionais da moda, do estilo, arquitetos e decoradores, consultores de imagem, fot\u00f3grafos, consultores de cores, produtores, <em>stylists<\/em>, profissionais da beleza, maquiadores, influencers e demais apaixonados por cores.<\/p>\n<p>Aula <i>online<\/i>, ao vivo, com a expert Blanca Lliahnne e presen\u00e7a da autora Leatrice Eiseman. A dura\u00e7\u00e3o ser\u00e1 de 1 hora e 30 minutos e a transmiss\u00e3o ser\u00e1 atrav\u00e9s da plataforma WebinarJam.<\/p>\n<p><strong>Leatrice Eiseman<\/strong> \u00e9 a diretora executiva do <em>Pantone Color Institute<\/em>, e lan\u00e7a anualmente a COR DO ANO e\u00a0o\u00a0<em>Fashion Color Report,\u00a0<\/em>estudos sobre os desfiles.\u00a0Publicou diversos livros, entre eles\u00a0<em>MORE ALIVE WITH COLORS<\/em>, numa carreira brilhante como consultora e mestra das cores.<\/p>\n","protected":false},"featured_media":10840,"template":"","local":[37],"destaque":[],"yoast_head":"<!-- This site is optimized with the Yoast SEO plugin v22.6 - https:\/\/yoast.com\/wordpress\/plugins\/seo\/ -->\n<title>MasterClass Personal Color - DW!<\/title>\n<meta name=\"description\" content=\"Nesta masterclass o m\u00e9todo de colora\u00e7\u00e3o pessoal ser\u00e1 decifrado para voc\u00ea identificar o seu Colortime com versatilidade e praticidade.\" \/>\n<meta name=\"robots\" content=\"index, follow, max-snippet:-1, max-image-preview:large, max-video-preview:-1\" \/>\n<link rel=\"canonical\" href=\"https:\/\/historia.dwsemanadedesign.com.br\/dwfestival2023\/eventos\/coloracao-pessoal-personal-color\/\" \/>\n<meta property=\"og:locale\" content=\"pt_BR\" \/>\n<meta property=\"og:type\" content=\"article\" \/>\n<meta property=\"og:title\" content=\"MasterClass Personal Color - DW!\" \/>\n<meta property=\"og:description\" content=\"Nesta masterclass o m\u00e9todo de colora\u00e7\u00e3o pessoal ser\u00e1 decifrado para voc\u00ea identificar o seu Colortime com versatilidade e praticidade.\" \/>\n<meta property=\"og:url\" content=\"https:\/\/historia.dwsemanadedesign.com.br\/dwfestival2023\/eventos\/coloracao-pessoal-personal-color\/\" \/>\n<meta property=\"og:site_name\" content=\"DW!\" \/>\n<meta property=\"article:modified_time\" content=\"2021-07-01T19:09:13+00:00\" \/>\n<meta property=\"og:image\" content=\"https:\/\/historia.dwsemanadedesign.com.br\/dwfestival2023\/wp-content\/uploads\/2021\/04\/DW-01-MasterClass-Personal-Colors-2021-01-1.jpg\" \/>\n\t<meta property=\"og:image:width\" content=\"500\" \/>\n\t<meta property=\"og:image:height\" content=\"500\" \/>\n\t<meta property=\"og:image:type\" content=\"image\/jpeg\" \/>\n<meta name=\"twitter:card\" content=\"summary_large_image\" \/>\n<meta name=\"twitter:label1\" content=\"Est. tempo de leitura\" \/>\n\t<meta name=\"twitter:data1\" content=\"1 minuto\" \/>\n<script type=\"application\/ld+json\" class=\"yoast-schema-graph\">{\"@context\":\"https:\/\/schema.org\",\"@graph\":[{\"@type\":\"WebPage\",\"@id\":\"https:\/\/historia.dwsemanadedesign.com.br\/dwfestival2023\/eventos\/coloracao-pessoal-personal-color\/\",\"url\":\"https:\/\/historia.dwsemanadedesign.com.br\/dwfestival2023\/eventos\/coloracao-pessoal-personal-color\/\",\"name\":\"MasterClass Personal Color - DW!\",\"isPartOf\":{\"@id\":\"https:\/\/historia.dwsemanadedesign.com.br\/dwfestival2023\/#website\"},\"primaryImageOfPage\":{\"@id\":\"https:\/\/historia.dwsemanadedesign.com.br\/dwfestival2023\/eventos\/coloracao-pessoal-personal-color\/#primaryimage\"},\"image\":{\"@id\":\"https:\/\/historia.dwsemanadedesign.com.br\/dwfestival2023\/eventos\/coloracao-pessoal-personal-color\/#primaryimage\"},\"thumbnailUrl\":\"https:\/\/historia.dwsemanadedesign.com.br\/dwfestival2023\/wp-content\/uploads\/2021\/04\/DW-01-MasterClass-Personal-Colors-2021-01-1.jpg\",\"datePublished\":\"2021-04-16T19:25:33+00:00\",\"dateModified\":\"2021-07-01T19:09:13+00:00\",\"description\":\"Nesta masterclass o m\u00e9todo de colora\u00e7\u00e3o pessoal ser\u00e1 decifrado para voc\u00ea identificar o seu Colortime com versatilidade e praticidade.\",\"breadcrumb\":{\"@id\":\"https:\/\/historia.dwsemanadedesign.com.br\/dwfestival2023\/eventos\/coloracao-pessoal-personal-color\/#breadcrumb\"},\"inLanguage\":\"pt-BR\",\"potentialAction\":[{\"@type\":\"ReadAction\",\"target\":[\"https:\/\/historia.dwsemanadedesign.com.br\/dwfestival2023\/eventos\/coloracao-pessoal-personal-color\/\"]}]},{\"@type\":\"ImageObject\",\"inLanguage\":\"pt-BR\",\"@id\":\"https:\/\/historia.dwsemanadedesign.com.br\/dwfestival2023\/eventos\/coloracao-pessoal-personal-color\/#primaryimage\",\"url\":\"https:\/\/historia.dwsemanadedesign.com.br\/dwfestival2023\/wp-content\/uploads\/2021\/04\/DW-01-MasterClass-Personal-Colors-2021-01-1.jpg\",\"contentUrl\":\"https:\/\/historia.dwsemanadedesign.com.br\/dwfestival2023\/wp-content\/uploads\/2021\/04\/DW-01-MasterClass-Personal-Colors-2021-01-1.jpg\",\"width\":500,\"height\":500},{\"@type\":\"BreadcrumbList\",\"@id\":\"https:\/\/historia.dwsemanadedesign.com.br\/dwfestival2023\/eventos\/coloracao-pessoal-personal-color\/#breadcrumb\",\"itemListElement\":[{\"@type\":\"ListItem\",\"position\":1,\"name\":\"In\u00edcio\",\"item\":\"https:\/\/historia.dwsemanadedesign.com.br\/dwfestival2023\/\"},{\"@type\":\"ListItem\",\"position\":2,\"name\":\"Acontece no DW!\",\"item\":\"https:\/\/historia.dwsemanadedesign.com.br\/dwfestival2023\/eventos\/\"},{\"@type\":\"ListItem\",\"position\":3,\"name\":\"MasterClass Personal Color\"}]},{\"@type\":\"WebSite\",\"@id\":\"https:\/\/historia.dwsemanadedesign.com.br\/dwfestival2023\/#website\",\"url\":\"https:\/\/historia.dwsemanadedesign.com.br\/dwfestival2023\/\",\"name\":\"DW!\",\"description\":\"S\u00e3o Paulo Design Weekend\",\"publisher\":{\"@id\":\"https:\/\/historia.dwsemanadedesign.com.br\/dwfestival2023\/#organization\"},\"potentialAction\":[{\"@type\":\"SearchAction\",\"target\":{\"@type\":\"EntryPoint\",\"urlTemplate\":\"https:\/\/historia.dwsemanadedesign.com.br\/dwfestival2023\/?s={search_term_string}\"},\"query-input\":\"required name=search_term_string\"}],\"inLanguage\":\"pt-BR\"},{\"@type\":\"Organization\",\"@id\":\"https:\/\/historia.dwsemanadedesign.com.br\/dwfestival2023\/#organization\",\"name\":\"DW!\",\"url\":\"https:\/\/historia.dwsemanadedesign.com.br\/dwfestival2023\/\",\"logo\":{\"@type\":\"ImageObject\",\"inLanguage\":\"pt-BR\",\"@id\":\"https:\/\/historia.dwsemanadedesign.com.br\/dwfestival2023\/#\/schema\/logo\/image\/\",\"url\":\"https:\/\/historia.dwsemanadedesign.com.br\/dwfestival2023\/wp-content\/uploads\/2020\/07\/logodw2023-roxo-2.png\",\"contentUrl\":\"https:\/\/historia.dwsemanadedesign.com.br\/dwfestival2023\/wp-content\/uploads\/2020\/07\/logodw2023-roxo-2.png\",\"width\":370,\"height\":164,\"caption\":\"DW!\"},\"image\":{\"@id\":\"https:\/\/historia.dwsemanadedesign.com.br\/dwfestival2023\/#\/schema\/logo\/image\/\"}}]}<\/script>\n<!-- \/ Yoast SEO plugin. -->","yoast_head_json":{"title":"MasterClass Personal Color - DW!","description":"Nesta masterclass o m\u00e9todo de colora\u00e7\u00e3o pessoal ser\u00e1 decifrado para voc\u00ea identificar o seu Colortime com versatilidade e praticidade.","robots":{"index":"index","follow":"follow","max-snippet":"max-snippet:-1","max-image-preview":"max-image-preview:large","max-video-preview":"max-video-preview:-1"},"canonical":"https:\/\/historia.dwsemanadedesign.com.br\/dwfestival2023\/eventos\/coloracao-pessoal-personal-color\/","og_locale":"pt_BR","og_type":"article","og_title":"MasterClass Personal Color - DW!","og_description":"Nesta masterclass o m\u00e9todo de colora\u00e7\u00e3o pessoal ser\u00e1 decifrado para voc\u00ea identificar o seu Colortime com versatilidade e praticidade.","og_url":"https:\/\/historia.dwsemanadedesign.com.br\/dwfestival2023\/eventos\/coloracao-pessoal-personal-color\/","og_site_name":"DW!","article_modified_time":"2021-07-01T19:09:13+00:00","og_image":[{"width":500,"height":500,"url":"https:\/\/historia.dwsemanadedesign.com.br\/dwfestival2023\/wp-content\/uploads\/2021\/04\/DW-01-MasterClass-Personal-Colors-2021-01-1.jpg","type":"image\/jpeg"}],"twitter_card":"summary_large_image","twitter_misc":{"Est. tempo de leitura":"1 minuto"},"schema":{"@context":"https:\/\/schema.org","@graph":[{"@type":"WebPage","@id":"https:\/\/historia.dwsemanadedesign.com.br\/dwfestival2023\/eventos\/coloracao-pessoal-personal-color\/","url":"https:\/\/historia.dwsemanadedesign.com.br\/dwfestival2023\/eventos\/coloracao-pessoal-personal-color\/","name":"MasterClass Personal Color - DW!","isPartOf":{"@id":"https:\/\/historia.dwsemanadedesign.com.br\/dwfestival2023\/#website"},"primaryImageOfPage":{"@id":"https:\/\/historia.dwsemanadedesign.com.br\/dwfestival2023\/eventos\/coloracao-pessoal-personal-color\/#primaryimage"},"image":{"@id":"https:\/\/historia.dwsemanadedesign.com.br\/dwfestival2023\/eventos\/coloracao-pessoal-personal-color\/#primaryimage"},"thumbnailUrl":"https:\/\/historia.dwsemanadedesign.com.br\/dwfestival2023\/wp-content\/uploads\/2021\/04\/DW-01-MasterClass-Personal-Colors-2021-01-1.jpg","datePublished":"2021-04-16T19:25:33+00:00","dateModified":"2021-07-01T19:09:13+00:00","description":"Nesta masterclass o m\u00e9todo de colora\u00e7\u00e3o pessoal ser\u00e1 decifrado para voc\u00ea identificar o seu Colortime com versatilidade e praticidade.","breadcrumb":{"@id":"https:\/\/historia.dwsemanadedesign.com.br\/dwfestival2023\/eventos\/coloracao-pessoal-personal-color\/#breadcrumb"},"inLanguage":"pt-BR","potentialAction":[{"@type":"ReadAction","target":["https:\/\/historia.dwsemanadedesign.com.br\/dwfestival2023\/eventos\/coloracao-pessoal-personal-color\/"]}]},{"@type":"ImageObject","inLanguage":"pt-BR","@id":"https:\/\/historia.dwsemanadedesign.com.br\/dwfestival2023\/eventos\/coloracao-pessoal-personal-color\/#primaryimage","url":"https:\/\/historia.dwsemanadedesign.com.br\/dwfestival2023\/wp-content\/uploads\/2021\/04\/DW-01-MasterClass-Personal-Colors-2021-01-1.jpg","contentUrl":"https:\/\/historia.dwsemanadedesign.com.br\/dwfestival2023\/wp-content\/uploads\/2021\/04\/DW-01-MasterClass-Personal-Colors-2021-01-1.jpg","width":500,"height":500},{"@type":"BreadcrumbList","@id":"https:\/\/historia.dwsemanadedesign.com.br\/dwfestival2023\/eventos\/coloracao-pessoal-personal-color\/#breadcrumb","itemListElement":[{"@type":"ListItem","position":1,"name":"In\u00edcio","item":"https:\/\/historia.dwsemanadedesign.com.br\/dwfestival2023\/"},{"@type":"ListItem","position":2,"name":"Acontece no DW!","item":"https:\/\/historia.dwsemanadedesign.com.br\/dwfestival2023\/eventos\/"},{"@type":"ListItem","position":3,"name":"MasterClass Personal Color"}]},{"@type":"WebSite","@id":"https:\/\/historia.dwsemanadedesign.com.br\/dwfestival2023\/#website","url":"https:\/\/historia.dwsemanadedesign.com.br\/dwfestival2023\/","name":"DW!","description":"S\u00e3o Paulo Design Weekend","publisher":{"@id":"https:\/\/historia.dwsemanadedesign.com.br\/dwfestival2023\/#organization"},"potentialAction":[{"@type":"SearchAction","target":{"@type":"EntryPoint","urlTemplate":"https:\/\/historia.dwsemanadedesign.com.br\/dwfestival2023\/?s={search_term_string}"},"query-input":"required name=search_term_string"}],"inLanguage":"pt-BR"},{"@type":"Organization","@id":"https:\/\/historia.dwsemanadedesign.com.br\/dwfestival2023\/#organization","name":"DW!","url":"https:\/\/historia.dwsemanadedesign.com.br\/dwfestival2023\/","logo":{"@type":"ImageObject","inLanguage":"pt-BR","@id":"https:\/\/historia.dwsemanadedesign.com.br\/dwfestival2023\/#\/schema\/logo\/image\/","url":"https:\/\/historia.dwsemanadedesign.com.br\/dwfestival2023\/wp-content\/uploads\/2020\/07\/logodw2023-roxo-2.png","contentUrl":"https:\/\/historia.dwsemanadedesign.com.br\/dwfestival2023\/wp-content\/uploads\/2020\/07\/logodw2023-roxo-2.png","width":370,"height":164,"caption":"DW!"},"image":{"@id":"https:\/\/historia.dwsemanadedesign.com.br\/dwfestival2023\/#\/schema\/logo\/image\/"}}]}},"_links":{"self":[{"href":"https:\/\/historia.dwsemanadedesign.com.br\/dwfestival2023\/wp-json\/wp\/v2\/eventos\/10836"}],"collection":[{"href":"https:\/\/historia.dwsemanadedesign.com.br\/dwfestival2023\/wp-json\/wp\/v2\/eventos"}],"about":[{"href":"https:\/\/historia.dwsemanadedesign.com.br\/dwfestival2023\/wp-json\/wp\/v2\/types\/eventos"}],"wp:featuredmedia":[{"embeddable":true,"href":"https:\/\/historia.dwsemanadedesign.com.br\/dwfestival2023\/wp-json\/wp\/v2\/media\/10840"}],"wp:attachment":[{"href":"https:\/\/historia.dwsemanadedesign.com.br\/dwfestival2023\/wp-json\/wp\/v2\/media?parent=10836"}],"wp:term":[{"taxonomy":"local","embeddable":true,"href":"https:\/\/historia.dwsemanadedesign.com.br\/dwfestival2023\/wp-json\/wp\/v2\/local?post=10836"},{"taxonomy":"destaque","embeddable":true,"href":"https:\/\/historia.dwsemanadedesign.com.br\/dwfestival2023\/wp-json\/wp\/v2\/destaque?post=10836"}],"curies":[{"name":"wp","href":"https:\/\/api.w.org\/{rel}","templated":true}]}}